{"version":"1.0","provider_name":"A N\u0151k pasiszemmel","provider_url":"https:\/\/anokpasiszemmel.cafeblog.hu","author_name":"Gal\u00c1d (Galambos \u00c1. Istv\u00e1n)","author_url":"https:\/\/anokpasiszemmel.cafeblog.hu\/author\/galambos_a_istvan\/","title":"Ez\u00e9rt a fen\u00e9kform\u00e1\u00e9rt \u0151r\u00fclnek meg a f\u00e9rfiak","html":"<p>A fen\u00e9k az \u00e9rz\u00e9ki n\u0151i von\u00e1sok egyik \u00e9kess\u00e9ge. Tal\u00e1n kijelenthetj\u00fck, a mell ut\u00e1n a m\u00e1sodik legn\u00e9pszer\u0171bb pont, melyet el\u0151szeretettel vizsg\u00e1lnak a moh\u00f3 f\u00e9rfi tekintetek. Cs\u00edp\u0151ring\u00e1s, kerek forma, \u00e9s m\u00e1ris tapad\u00f3 szemp\u00e1rok \u00e9rkeznek jutalmul a n\u0151 sz\u00e1m\u00e1ra. Van \u2013e a f\u00e9rfiak r\u00e9sz\u00e9r\u0151l k\u00fcl\u00f6n\u00f6sen kedvelt fen\u00e9kforma? A t\u00falzott m\u00e9retet azonnal elutas\u00edtj\u00e1k a pasik? G\u00f6rcs\u00f6lj egy\u00e1ltal\u00e1n erre a testr\u00e9szedre?<\/p>\r\n<h4>Miel\u0151tt megadn\u00e1nk a v\u00e1laszt, n\u00e9zz\u00fck a leggyakoribb popsiform\u00e1kat.<\/h4>\r\n<ul>\r\n<li>\r\n<h4>Csepp vagy ford\u00edtott sz\u00edv, m\u00e1s n\u00e9ven az \u201eA\u2019 alak.<\/h4>\r\n<img class=\"alignnone size-full wp-image-14905520\" src=\"https:\/\/anokpasiszemmel.cafeblog.hu\/files\/2019\/09\/cs\u00f6ppk\u0151.png\" alt=\"\" width=\"560\" height=\"315\" \/><br \/><br \/><\/li>\r\n<li>\r\n<h4>Ford\u00edtott h\u00e1romsz\u00f6g, a kicsi fen\u00e9k, a \u201eV\u201d alak.<\/h4>\r\n<img class=\"alignnone size-full wp-image-14905519\" src=\"https:\/\/anokpasiszemmel.cafeblog.hu\/files\/2019\/09\/pindurpandur.png\" alt=\"\" width=\"560\" height=\"315\" \/><br \/><br \/><\/li>\r\n<li>\r\n<h4>A g\u00f6mb\u00f6ly\u0171, azaz az \u201eO\u201d alak.<\/h4>\r\n<img class=\"alignnone size-full wp-image-14905518\" src=\"https:\/\/anokpasiszemmel.cafeblog.hu\/files\/2019\/09\/g\u00f6mb\u00f6lydad.png\" alt=\"\" width=\"560\" height=\"315\" \/><br \/><br \/><br \/><\/li>\r\n<li>\r\n<h4>\u00c9s a sz\u00f6gletes, vagyis a \u201eH\u201d alak.<\/h4>\r\n<img class=\"alignnone size-full wp-image-14905517\" src=\"https:\/\/anokpasiszemmel.cafeblog.hu\/files\/2019\/09\/Sz\u00f6gLett.png\" alt=\"\" width=\"560\" height=\"315\" \/><\/li>\r\n<\/ul>\r\n<p>A Metodic \u00e9letm\u00f3d \u00e9s t\u00e1pl\u00e1lkoz\u00e1si tan\u00e1csad\u00f3 oldal <a href=\"https:\/\/metodic.hu\/fenekforma-alkat-hormon\/\" target=\"_blank\" rel=\"noopener\">cikke<\/a> alapj\u00e1n az al\u00e1bbiakat lehet tudni a k\u00fcl\u00f6nb\u00f6z\u0151 form\u00e1kr\u00f3l.<\/p>\r\n<p>A cseppform\u00e1val b\u00edr\u00f3 h\u00f6lgyek \u00e1ltal\u00e1ban alt\u00e1ji h\u00edz\u00e1sra hajlamosak, \u00edgy a hasuk laposabb. A ford\u00edtott h\u00e1romsz\u00f6g t\u00edpus\u00fa n\u0151k, vagyis a \u201eV\u201d alak tulajdonosai ellenben pont a fels\u0151test\u00fckkel bajl\u00f3dnak t\u00f6bbet. A g\u00f6mb\u00f6ly\u0171ek kisebb vagy nagyobb m\u00e9ret\u0171 popsival rendelkezhetnek, de alapvet\u0151en nem h\u00edz\u00e9konyak \u00e9s \u00e1ltal\u00e1ban stabilan tartj\u00e1k a form\u00e1jukat. A sz\u00f6gletes pop\u00f3val b\u00edr\u00f3 n\u0151k pedig rendszerint mindenhov\u00e1 h\u00edznak egy kicsit. Jellemz\u0151 r\u00e1juk a homok\u00f3ra alkat a fenek\u00fck pedig lehet teltebb vagy ak\u00e1r laposabb is.<\/p>\r\n<h4>\u00c9s, hogy a fent eml\u00edtettek k\u00f6z\u00fcl melyiket kedvelik a pasik a legink\u00e1bb?<\/h4>\r\n<p>Ha kiindulhatunk a latin sz\u00e9ps\u00e9gek n\u00e9pszer\u0171s\u00e9g\u00e9b\u0151l, valamint a \u201esportosabb\u201d alkat favoriz\u00e1l\u00e1s\u00e1b\u00f3l, val\u00f3sz\u00edn\u0171leg<\/p>\r\n<blockquote>\r\n<p><strong>a csepp \u2013 \u00e9s a g\u00f6mb\u00f6lyded forma viszi a pr\u00edmet<\/strong><\/p>\r\n<\/blockquote>\r\n<p>A ford\u00edtott h\u00e1romsz\u00f6g, vagyis a kicsi fen\u00e9kr\u0151l sz\u00f3lva \u00e9rdekesnek t\u0171nhet, hogy egy alapvet\u0151en v\u00e9kony n\u0151 mi\u00e9rt lesz kev\u00e9sb\u00e9 vonz\u00f3. Itt van igaz\u00e1n jelent\u0151s\u00e9ge az ar\u00e1nyoknak. Ha c\u00e9rna vagy, azzal se j\u00e1rsz j\u00f3l. Egy sz\u0171kebb r\u00e9teg odalehet \u00e9rted, de a t\u00f6bbs\u00e9g sz\u00e1m\u00e1ra az eg\u00e9szs\u00e9ges k\u00fcls\u0151 a d\u00f6nt\u0151. A sz\u00f6gletesek azzal a h\u00e1tr\u00e1nnyal k\u00fczdhetnek, hogy a cs\u00edp\u0151j\u00fck \u00e9s fels\u0151test\u00fck \u201eegyben van\u201d, emiatt alaktalannak t\u0171nnek.<\/p>\r\n<p>B\u00e1rmelyik csoportba is tartozz, aggodalomra nincs okod, hiszen a f\u00e9rfiak k\u00f6r\u00e9ben minden t\u00edpusnak van rajong\u00f3t\u00e1bora. Persze el\u00e9gedetts\u00e9ged nagyban f\u00fcgg att\u00f3l, hogy a v\u00e1lasztottadnak pont a te t\u00edpusod felel \u2013e meg. Amit mindenk\u00e9pp aj\u00e1nlan\u00e9k, a cs\u00edp\u0151ring\u00e1s tudom\u00e1ny\u00e1t saj\u00e1t\u00edtsd el, azzal sosem l\u0151hetsz mell\u00e9.<\/p>","type":"rich","thumbnail_url":"https:\/\/anokpasiszemmel.cafeblog.hu\/files\/2019\/09\/fenekforma-150x150.png","thumbnail_width":150,"thumbnail_height":150}